{"id":7,"date":"2017-01-23T10:56:37","date_gmt":"2017-01-23T09:56:37","guid":{"rendered":"http:\/\/www.dsz.archidiecezja.wroc.pl\/?page_id=7"},"modified":"2026-04-04T14:22:05","modified_gmt":"2026-04-04T12:22:05","slug":"witamy-na-stronie-duszpasterstwa","status":"publish","type":"page","link":"http:\/\/dsz.archidiecezja.wroc.pl\/","title":{"rendered":"Aktualno\u015bci"},"content":{"rendered":"<h1><img decoding=\"async\" loading=\"lazy\" class=\"alignnone wp-image-923\" src=\"http:\/\/dsz.archidiecezja.wroc.pl\/wp-content\/uploads\/2026\/04\/102_pielgrzymka-212x300.jpg\" alt=\"\" width=\"678\" height=\"959\" srcset=\"http:\/\/dsz.archidiecezja.wroc.pl\/wp-content\/uploads\/2026\/04\/102_pielgrzymka-212x300.jpg 212w, http:\/\/dsz.archidiecezja.wroc.pl\/wp-content\/uploads\/2026\/04\/102_pielgrzymka-724x1024.jpg 724w, http:\/\/dsz.archidiecezja.wroc.pl\/wp-content\/uploads\/2026\/04\/102_pielgrzymka-768x1086.jpg 768w, http:\/\/dsz.archidiecezja.wroc.pl\/wp-content\/uploads\/2026\/04\/102_pielgrzymka.jpg 1086w\" sizes=\"(max-width: 678px) 85vw, 678px\" \/><\/h1>\n<p><span style=\"font-size: 18pt;\"><strong>102. Pielgrzymka S\u0142u\u017cby Zdrowia<\/strong><\/span><\/p>\n<p><strong>46. edycja rekolekcji zainicjowanych przez b\u0142. ks. Jerzego Popie\u0142uszk\u0119, duszpasterza \u015brodowiska medycznego \u00a0<\/strong><\/p>\n<p><strong>15-16 maja 2026 roku<\/strong><\/p>\n<p><strong>Jasna G\u00f3ra \u2013 Kaplica \u015bw. J\u00f3zefa (ul. Klasztorna)<br \/>\n<\/strong>Konferencje duchowe wyg\u0142oszone zostan\u0105 \u00a0przez osoby \u017cycia konsekrowanego i\u00a0osoby \u015bwieckie, zwi\u0105zane ze \u015brodowiskiem medycznym. Tegoroczne rozwa\u017cania rekolekcyjne prowadzi ks. prof. Grzegorz Godawa (Krak\u00f3w, UJPII).<\/p>\n<p><strong>pi\u0105tek, 15 maja:<\/strong><\/p>\n<p>10.00 \u2013 modlitwa r\u00f3\u017ca\u0144cowa<\/p>\n<p><strong>zbi\u00f3rka i rozpocz\u0119cie przy kolumnie z figur\u0105 Matki Bo\u017cej na B\u0142oniach Jasnog\u00f3rskich<\/strong><\/p>\n<p>11.30 \u2013 konferencja<\/p>\n<p>\u2013 przerwa obiadowa<\/p>\n<p>15.00 \u2013 konferencja<\/p>\n<p>\u2013 mo\u017cliwo\u015b\u0107 spowiedzi<\/p>\n<p>16.00 \u2013 Eucharystia<\/p>\n<p>\u2013 przerwa na kolacj\u0119<\/p>\n<p>19.30 \u2013 Adoracja Naj\u015bwi\u0119tszego Sakramentu (animowana przez Katolickie Stowarzyszenie Piel\u0119gniarek i Po\u0142o\u017cnych)<\/p>\n<p>\u2013 mo\u017cliwo\u015b\u0107 spowiedzi<\/p>\n<p><strong>sobota, 16 maja:<\/strong><\/p>\n<p>10.00 \u2013 wsp\u00f3lna modlitwa<\/p>\n<p>\u2013 konferencja duchowa<\/p>\n<p>\u2013 mo\u017cliwo\u015b\u0107 spowiedzi<\/p>\n<p>\u2013 przerwa obiadowa<\/p>\n<p>14.00 \u2013 konferencja<\/p>\n<p>15.00 \u2013 Eucharystia, zako\u0144czenie rekolekcji.<\/p>\n<p>&nbsp;<\/p>\n<p><strong>102. Pielgrzymka S\u0142u\u017cby Zdrowia<\/strong><\/p>\n<p><strong><br \/>\n46. edycja rekolekcji zainicjowanych przez b\u0142. ks. Jerzego Popie\u0142uszk\u0119, duszpasterza \u015brodowiska medycznego \u00a0<\/strong><\/p>\n<p><strong>15-16 maja 2026 roku<\/strong><\/p>\n<p><strong>Jasna G\u00f3ra \u2013 Kaplica \u015bw. J\u00f3zefa (ul. Klasztorna)<\/strong><\/p>\n<p>&nbsp;<\/p>\n<p>Konferencje duchowe wyg\u0142oszone zostan\u0105 \u00a0przez osoby \u017cycia konsekrowanego i\u00a0osoby \u015bwieckie, zwi\u0105zane ze \u015brodowiskiem medycznym. Tegoroczne rozwa\u017cania rekolekcyjne prowadzi ks. prof. Grzegorz Godawa (Krak\u00f3w, UJPII).<\/p>\n<p><strong>pi\u0105tek, 15 maja:<\/strong><\/p>\n<p>10.00 \u2013 modlitwa r\u00f3\u017ca\u0144cowa<\/p>\n<p><strong>zbi\u00f3rka i rozpocz\u0119cie przy kolumnie z figur\u0105 Matki Bo\u017cej na B\u0142oniach Jasnog\u00f3rskich<\/strong><\/p>\n<p>11.30 \u2013 konferencja<\/p>\n<p>\u2013 przerwa obiadowa<\/p>\n<p>15.00 \u2013 konferencja<\/p>\n<p>\u2013 mo\u017cliwo\u015b\u0107 spowiedzi<\/p>\n<p>16.00 \u2013 Eucharystia<\/p>\n<p>\u2013 przerwa na kolacj\u0119<\/p>\n<p>19.30 \u2013 Adoracja Naj\u015bwi\u0119tszego Sakramentu (animowana przez Katolickie Stowarzyszenie Piel\u0119gniarek i Po\u0142o\u017cnych)<\/p>\n<p>\u2013 mo\u017cliwo\u015b\u0107 spowiedzi<\/p>\n<p style=\"text-align: center;\"><span style=\"font-size: 24pt; color: #800000;\"><strong>niedziela, 17 maja:<\/strong><\/span><\/p>\n<p>8.45 \u2013 konferencja<\/p>\n<p>11.00 \u2013 Eucharystia na szczycie Jasnej G\u00f3ry<\/p>\n<p>Akt zawierzenia \u015brodowisk medycznych \u2013 liturgii przewodniczy ks. abp J\u00f3zef Kupny<\/p>\n<p>&nbsp;<\/p>\n<p style=\"text-align: center;\"><span style=\"font-size: 24pt; color: #800000;\"><strong>\u017byczenia\u00a0 \u015bwi\u0105teczne<\/strong><\/span><\/p>\n<p><img decoding=\"async\" loading=\"lazy\" class=\"wp-image-932 aligncenter\" src=\"http:\/\/dsz.archidiecezja.wroc.pl\/wp-content\/uploads\/2026\/04\/zyczenia_wielkanocne_kdsz_kapelani-212x300.jpg\" alt=\"\" width=\"565\" height=\"800\" srcset=\"http:\/\/dsz.archidiecezja.wroc.pl\/wp-content\/uploads\/2026\/04\/zyczenia_wielkanocne_kdsz_kapelani-212x300.jpg 212w, http:\/\/dsz.archidiecezja.wroc.pl\/wp-content\/uploads\/2026\/04\/zyczenia_wielkanocne_kdsz_kapelani.jpg 595w\" sizes=\"(max-width: 565px) 85vw, 565px\" \/><\/p>\n<p><img decoding=\"async\" loading=\"lazy\" class=\"wp-image-933 aligncenter\" src=\"http:\/\/dsz.archidiecezja.wroc.pl\/wp-content\/uploads\/2026\/04\/zyczenia_wielkanocne_kdsz-212x300.jpg\" alt=\"\" width=\"565\" height=\"800\" srcset=\"http:\/\/dsz.archidiecezja.wroc.pl\/wp-content\/uploads\/2026\/04\/zyczenia_wielkanocne_kdsz-212x300.jpg 212w, http:\/\/dsz.archidiecezja.wroc.pl\/wp-content\/uploads\/2026\/04\/zyczenia_wielkanocne_kdsz.jpg 595w\" sizes=\"(max-width: 565px) 85vw, 565px\" \/><\/p>\n<p>&nbsp;<\/p>\n","protected":false},"excerpt":{"rendered":"<p>102. Pielgrzymka S\u0142u\u017cby Zdrowia 46. edycja rekolekcji zainicjowanych przez b\u0142. ks. Jerzego Popie\u0142uszk\u0119, duszpasterza \u015brodowiska medycznego \u00a0 15-16 maja 2026 roku Jasna G\u00f3ra \u2013 Kaplica \u015bw. J\u00f3zefa (ul. Klasztorna) Konferencje duchowe wyg\u0142oszone zostan\u0105 \u00a0przez osoby \u017cycia konsekrowanego i\u00a0osoby \u015bwieckie, zwi\u0105zane ze \u015brodowiskiem medycznym. Tegoroczne rozwa\u017cania rekolekcyjne prowadzi ks. prof. Grzegorz Godawa (Krak\u00f3w, UJPII). pi\u0105tek, 15 &hellip; <a href=\"http:\/\/dsz.archidiecezja.wroc.pl\/\" class=\"more-link\">Czytaj dalej<span class=\"screen-reader-text\"> \u201eAktualno\u015bci\u201d<\/span><\/a><\/p>\n","protected":false},"author":2,"featured_media":0,"parent":0,"menu_order":0,"comment_status":"closed","ping_status":"closed","template":"","meta":[],"_links":{"self":[{"href":"http:\/\/dsz.archidiecezja.wroc.pl\/index.php\/wp-json\/wp\/v2\/pages\/7"}],"collection":[{"href":"http:\/\/dsz.archidiecezja.wroc.pl\/index.php\/wp-json\/wp\/v2\/pages"}],"about":[{"href":"http:\/\/dsz.archidiecezja.wroc.pl\/index.php\/wp-json\/wp\/v2\/types\/page"}],"author":[{"embeddable":true,"href":"http:\/\/dsz.archidiecezja.wroc.pl\/index.php\/wp-json\/wp\/v2\/users\/2"}],"replies":[{"embeddable":true,"href":"http:\/\/dsz.archidiecezja.wroc.pl\/index.php\/wp-json\/wp\/v2\/comments?post=7"}],"version-history":[{"count":306,"href":"http:\/\/dsz.archidiecezja.wroc.pl\/index.php\/wp-json\/wp\/v2\/pages\/7\/revisions"}],"predecessor-version":[{"id":936,"href":"http:\/\/dsz.archidiecezja.wroc.pl\/index.php\/wp-json\/wp\/v2\/pages\/7\/revisions\/936"}],"wp:attachment":[{"href":"http:\/\/dsz.archidiecezja.wroc.pl\/index.php\/wp-json\/wp\/v2\/media?parent=7"}],"curies":[{"name":"wp","href":"https:\/\/api.w.org\/{rel}","templated":true}]}}